{"id":1135,"date":"2022-02-14T22:29:15","date_gmt":"2022-02-15T04:29:15","guid":{"rendered":"http:\/\/nmcontemporaneo.com\/?p=1135"},"modified":"2025-06-20T01:02:14","modified_gmt":"2025-06-20T07:02:14","slug":"liber-de-pablo-2","status":"publish","type":"page","link":"https:\/\/nmcontemporaneo.com\/es\/liber-de-pablo-2\/","title":{"rendered":""},"content":{"rendered":"","protected":false},"excerpt":{"rendered":"<div id=\"vlightbox\">\n<table style=\"width: 550px;\">\n<tbody>\n<tr>\n<td style=\"width: 550px;\" valign=\"bottom\">\n<a class=\"vlightbox\" title=\"Liber de Pablo\nORITA VENGO, VOY POR SAL\nMixta sobre lino\n130 X 195 cm\" href=\"http:\/\/nmcontemporaneo.com\/images\/catalogo\/liberdepablo\/21-02-12_005.jpg\"><img decoding=\"async\" src=\"http:\/\/nmcontemporaneo.com\/images\/catalogo\/liberdepablo\/th\/21-02-12_005.jpg\" alt=\"Terra Viridis 63. 2010. \u00d3leo sobre tela. 120 x 200cm.\" width=\"550\" \/><\/a><br \/>\nORITA VENGO, VOY POR SAL<br \/>\nMixta sobre lino<br \/>\n130 X 195 cm<\/td>\n<\/tr>\n<\/tbody>\n<\/table>\n<table style=\"width: 550px;\" width=\"550.0\" border=\"0\" cellspacing=\"0\" cellpadding=\"0\">\n<tbody>\n<tr>\n<td style=\"width: 180px; padding: 2px;\" valign=\"bottom\">\n<a class=\"vlightbox\" title=\"Liber de Pablo\nCROMOFORIAS V\nTemple sobre lino\n150 X 160 cm\" href=\"http:\/\/nmcontemporaneo.com\/images\/catalogo\/liberdepablo\/21-02-12_004.jpg\"><img decoding=\"async\" src=\"http:\/\/nmcontemporaneo.com\/images\/catalogo\/liberdepablo\/th\/21-02-12_004.jpg\" alt=\"MM11C 5.Varias t\u00e9cnicas con semillas o frutos, hilo y tinta. 25 X 25 x 5 cm\" \/><\/a>CROMOFORIAS V<br \/>\nTemple sobre lino<br \/>\n150 X 160 cm\n<\/td>\n<td style=\"width: 180px; padding: 2px;\" valign=\"bottom\"><a class=\"vlightbox\" title=\"Liber de Pablo\nCROMOFORIAS V\nTemple sobre lino\n150 X 160 cm\" href=\"http:\/\/nmcontemporaneo.com\/images\/catalogo\/liberdepablo\/marzo21_012.jpg\"><img decoding=\"async\" src=\"http:\/\/nmcontemporaneo.com\/images\/catalogo\/liberdepablo\/th\/marzo21_012.jpg\" alt=\"MM11C 6. Varias t\u00e9cnicas con semillas o frutos, hilo y tinta. 25 X 25 x 5 cm\" \/><\/a>CROMOFORIAS V<br \/>\nTemple sobre lino<br \/>\n150 X 160 cm\n<\/td>\n<td style=\"width: 180px; padding: 2px;\" valign=\"bottom\"><a class=\"vlightbox\" title=\"Liber de Pablo\nCROMOFORIAS V\nTemple sobre lino\n150 X 160 cm\" href=\"http:\/\/nmcontemporaneo.com\/images\/catalogo\/liberdepablo\/marzo21_016.jpg\"><img decoding=\"async\" src=\"http:\/\/nmcontemporaneo.com\/images\/catalogo\/liberdepablo\/th\/marzo21_016.jpg\" alt=\"MM11C M. Varias t\u00e9cnicas con semillas o frutos, hilo y tinta. 37 X 47 x 5 cm\" \/><\/a>CROMOFORIAS V<br \/>\nTemple sobre lino<br \/>\n150 X 160 cm\n<\/td>\n<\/tr>\n<\/tbody>\n<\/table>\n<p><a id=\"vlb-3columnas\" href=\"http:\/\/visuallightbox.com\">Photo Gallery Webpage by VisualLightBox.com v3.1m<\/a><script type=\"text\/javascript\" src=\"http:\/\/nmcontemporaneo.com\/images\/galerias\/abelardofavela\/engine\/js\/visuallightbox.js\"><\/script><\/div>\n<p style=\"text-align: justify;\">L\u00edber de Pablo ide\u00f3 un modelo de obra en movimiento. Su c\u00f3digo se basa en las posibles y diferentes combinaciones de sus piezas. Si la naturaleza puede crear siempre, hasta el infinito, el artista L\u00edber de Pablo puede jugar a hacer combinaciones en sus composiciones donde sus formas se conectan, se combinan y permiten crear a cada espectador un diferente paisaje minimalista que compite a la frondosidad de todo un bosque.<\/p>\n<p style=\"text-align: justify;\">De Pablo utiliza el temple y la trementina de Venecia que hacen que los pigmentos trabajen bien con los materiales que usa. Su concepto es hacer movimiento con la obra para darle vida. Imprime todos los colores con una suavidad que permite al espectador ir recorriendo sus ramas, sus hojas, sentir el viento y el sol. Su manejo de las sombras y las transparencias permiten que la luz inunde sus cuadros.<\/p>\n<p style=\"text-align: justify;\">Esta obra es una composici\u00f3n de diez piezas que pueden comunicar tanto en lo individual como en conjunto. Sin embargo, lo interesante es que las piezas tienen miles de combinaciones en sentido vertical, horizontal y en escalera.<\/p>\n<p><a style=\"text-decoration: none; color: #48494b;\" onclick=\"xcollapse('X7720');return false;\" href=\"http:\/\/nmcontemporaneo.com\/?p=520#\">Curriculum<\/a><\/p>\n<div id=\"X7720\" style=\"display: none; background: transparent;\">\n<p>FORMACI\u00d3N:<br \/>\n2003 Atelier Clot, Bramsen &#038; Georges, comisi\u00f3n para elaboraci\u00f3n de edici\u00f3n de litografia, Instruccion en t\u00e9cnicas de litografia para proyecto espec\u00edfico, Par\u00eds, Francia.<br \/>\n2002 T\u00e9cnicas y pigmentos antiguos, Par\u00eds, Francia.<br \/>\n2002 T\u00e9cnicas de la Pintura, M\u00e9xico D.F.<br \/>\n1986 Free Drawing Workshop, San Francisco, E.U.A.<br \/>\n1985-1990 Licenciatura en Artes Pl\u00e1sticas, Escuela Nacional de Pintura, Escultura y Grabado \u201cLa Esmeralda\u201d<\/p>\n<p>EXPOSICIONES INDIVIDUALES:<br \/>\n2004 &#8220;Sue\u00f1o de un ni\u00f1o evapor\u00e1ndose&#8221;, Instituto Cervantes, Chicago, E.U.A. (septiembre 10) 2003.<br \/>\n\u201cSonge d\u2019un enfant qui se efface I\u201d, Cit\u00e9 Internationale des Arts, Par\u00eds, Francia.<br \/>\n\u201cSonge d\u2019un enfant qui se efface II\u201d, Drexel Galer\u00eda, Garza Garc\u00eda, Nuevo Le\u00f3n.<br \/>\n2002 \u201cestilo = caos \/ orden\u201d, Revista &#8220;Bleu &#038;Blanc&#8221;, C\u00eda. Mexicana de Aviaci\u00f3n, 2001.<br \/>\n\u201cRizoma &#8211; Replicante\u201d , Instalaci\u00f3n, La Masm\u00e9dula Galer\u00eda, M\u00e9xico D.F.<br \/>\n\u201cestilo = caos \/ orden 3\u201d, Museo de Arte Contempor\u00e1neo \u201cAlfredo Zalce\u201d, Morelia, MI.<br \/>\n\u201cestilo = caos \/ orden 2\u201d organizado por artejoven.com, Sheraton Suites Santa Fe, M\u00e9xico D.F.<br \/>\n2000 \u201cestilo = caos \/ orden\u201d organizado por la Masm\u00e9dula Galer\u00eda, Auditorio Javier Pliego Montes, PROFECO.<br \/>\n1999 \u201cHierve el Infinito Donde no Tiene Fronteras\u201d, Museo Universitario del Chopo, UNAM, M\u00e9xico D.F.<br \/>\n\u201cDe c\u00f3mo contar los cuentos a los ni\u00f1os VIII\u201d , La Tablatura, Mexico D.F.<br \/>\n1996 \u201cDe c\u00f3mo contar los cuentos a los ni\u00f1os 1\u201d , Taller\u00eda Espacio Cultural, M\u00e9xico D.F.<br \/>\n1994 \u201cDe mentes primitivas y supersticiosas\u201d, Bar Cultural \u201cLa Iguana Azul\u201c, M\u00e9xico D.F.<br \/>\n1993 \u201cLa infinita tarea de conocer lo similar IV\u201d, PrivatPlatz, Berl\u00edn, Alemania.<br \/>\n\u201cLiber de Pablo\u201d, Galer\u00eda ARTCO, Paris, Francia.<br \/>\n\u201cLe Devoir Infini de Conna\u00eetre le Similaire III\u201d, sede de la UNESCO, Hall Bonvin, Paris, Francia<br \/>\n1992 \u201cLa Infinita Tarea de Conocer lo Similar II\u201d, Centro de Extensi\u00f3n Acad\u00e9mica, Facultad de Qu\u00edmica, UNAM, M\u00e9xico D.F.<br \/>\n\u201cLe Devoir Infini de Conna\u00eetre le Similaire\u201d Agencia Espacial Europea, Paris, Francia<br \/>\n\u201cLa Infinita Tarea de Conocer lo Similar\u201d, Casa de Cultura de la Universidad La Salle, M\u00e9xico D.F.<br \/>\n\u201cPl\u00e1stica Sobre Ni\u00f1os\u201d, Casa de Cultura de la Universidad La Salle<br \/>\n1991 \u201cLiber de Pablo: pintura, dibujo y dos objetos\u201d Orfeo Catal\u00e1n de M\u00e9xico, A.C., M\u00e9xico D.F<\/p>\n<p>ACTIVIDADES PROFESIONALES:<br \/>\n2003 Dise\u00f1o y desarrollo de CD interactivo &#8220;Liberto&#8221;.<br \/>\n&#8220;La cocina&#8221;, laboratorio de cocina art\u00edstica, Producciones Tournesol, Par\u00eds, Francia.<br \/>\nElaboraci\u00f3n de litograf\u00eda &#8220;Songe d&#8217;un enfant qui s&#8217;efface&#8221; para Librer\u00eda Gil, Santander, Espa\u00f1a.<br \/>\nAtelier Clot, Bramsen &#038; Georges, Par\u00eds, Francia.<br \/>\n2002 Investigaci\u00f3n: T\u00e9cnicas y pigmentos antiguos, Par\u00eds, Francia.<br \/>\n2001 \u201cEstandarte\u201d, asesor y participante de un proyecto para coleccionistas con la Masm\u00e9dula Galer\u00eda, M\u00e9xico D.F.<br \/>\n2000 Investigaci\u00f3n y realizaci\u00f3n de obra para el proyecto \u201c Hipermovilidad Articular en el Arte\u201d presentado en el Instituto Nacional de Cardiolog\u00eda, Jornadas Nacionales de Investigaci\u00f3n.<br \/>\n1998 Organizaci\u00f3n en coordinaci\u00f3n con la Universidad de Bremen, Alemania, de la exposici\u00f3n de \u201cTaller\u00eda Espacio Cultural: Taller\u00eda = 7 + 1\u201d durante el Mes de la Cultura Mexicana, que incluye conferencias sobre el arte de este siglo en M\u00e9xico, mesas de debates abiertas con cr\u00edticos y artistas de Bremen y un taller sobre el papel Amate y t\u00e9cnicas de grabado, en la Escuela de Bellas Artes de Bremen.\n<\/p><\/div>\n","protected":false},"author":25,"featured_media":0,"parent":0,"menu_order":86,"comment_status":"closed","ping_status":"closed","template":"","meta":{"kt_blocks_editor_width":"","footnotes":""},"class_list":["post-1135","page","type-page","status-publish","hentry"],"_links":{"self":[{"href":"https:\/\/nmcontemporaneo.com\/es\/wp-json\/wp\/v2\/pages\/1135","targetHints":{"allow":["GET"]}}],"collection":[{"href":"https:\/\/nmcontemporaneo.com\/es\/wp-json\/wp\/v2\/pages"}],"about":[{"href":"https:\/\/nmcontemporaneo.com\/es\/wp-json\/wp\/v2\/types\/page"}],"author":[{"embeddable":true,"href":"https:\/\/nmcontemporaneo.com\/es\/wp-json\/wp\/v2\/users\/25"}],"replies":[{"embeddable":true,"href":"https:\/\/nmcontemporaneo.com\/es\/wp-json\/wp\/v2\/comments?post=1135"}],"version-history":[{"count":2,"href":"https:\/\/nmcontemporaneo.com\/es\/wp-json\/wp\/v2\/pages\/1135\/revisions"}],"predecessor-version":[{"id":14123,"href":"https:\/\/nmcontemporaneo.com\/es\/wp-json\/wp\/v2\/pages\/1135\/revisions\/14123"}],"wp:attachment":[{"href":"https:\/\/nmcontemporaneo.com\/es\/wp-json\/wp\/v2\/media?parent=1135"}],"curies":[{"name":"wp","href":"https:\/\/api.w.org\/{rel}","templated":true}]}}