{"id":6440,"date":"2022-05-04T00:57:40","date_gmt":"2022-05-04T06:57:40","guid":{"rendered":"http:\/\/nmcontemporaneo.com\/beta\/?page_id=6440"},"modified":"2025-06-21T00:31:24","modified_gmt":"2025-06-21T06:31:24","slug":"kenia-cano","status":"publish","type":"page","link":"https:\/\/nmcontemporaneo.com\/es\/catalogo\/arte-emergente\/otros-artistas-emergentes\/kenia-cano\/","title":{"rendered":"Kenia Cano"},"content":{"rendered":"<p style=\"text-align: center; font-family: Century Gothic\"><a href=\"..\/yanieb-fabre\/\">&lt;&lt; Ant.<\/a> | <a href=\"\/catalogo\/todos-los-artistas\/\">Artistas<\/a> | <a href=\"..\/maria-christine-camus\/\">Sig. &gt;&gt;<\/a><\/p>\n<div id=\"kad-wp-gallery292\" class=\"kad-wp-gallery gallery kt-gallery-column-1 init-isotope-intrinsic reinit-isotope kad-light-wp-gallery clearfix rowtight\" data-fade-in=\"1\" data-iso-selector=\".g_item\" data-iso-style=\"masonry\" data-iso-filter=\"false\"><div class=\"tcol-lg-12 tcol-md-12 tcol-sm-12 tcol-xs-12 tcol-ss-12 g_item\"><div class=\"grid_item kt_item_fade_in kad_gallery_fade_in gallery_item\"><a href=\"https:\/\/nmcontemporaneo.com\/wp-content\/uploads\/2015\/05\/KeniaCano_LaCasaDeBremen.jpg\" data-rel=\"lightbox\" class=\"lightboxhover\"><div class=\"kt-intrinsic\" style=\"padding-bottom:91.964285714286%;\"><div itemprop=\"image\" itemscope itemtype=\"https:\/\/schema.org\/ImageObject\"><img loading=\"lazy\" decoding=\"async\" width=\"560\" height=\"515\" src=\"https:\/\/nmcontemporaneo.com\/wp-content\/uploads\/2015\/05\/KeniaCano_LaCasaDeBremen-560x515.jpg\" srcset=\"https:\/\/nmcontemporaneo.com\/wp-content\/uploads\/2015\/05\/KeniaCano_LaCasaDeBremen-560x515.jpg 560w, https:\/\/nmcontemporaneo.com\/wp-content\/uploads\/2015\/05\/KeniaCano_LaCasaDeBremen-300x276.jpg 300w, https:\/\/nmcontemporaneo.com\/wp-content\/uploads\/2015\/05\/KeniaCano_LaCasaDeBremen.jpg 978w\" sizes=\"auto, (max-width: 560px) 100vw, 560px\" data-caption=\"LA CASA DE BREMEN Y EL VESTIDO DE DOLORES, Encausto sobre vidrio, montado sobre cilindro de madera. \u00d820 cm\" class=\"light-dropshaddow\" itemprop=\"contentUrl\" alt=\"\"><meta itemprop=\"url\" content=\"https:\/\/nmcontemporaneo.com\/wp-content\/uploads\/2015\/05\/KeniaCano_LaCasaDeBremen-560x515.jpg\"><meta itemprop=\"width\" content=\"560px\"><meta itemprop=\"height\" content=\"515px\"><\/div><\/div><div class=\"caption kad_caption\"><div class=\"kad_caption_inner\">LA CASA DE BREMEN Y EL VESTIDO DE DOLORES, Encausto sobre vidrio, montado sobre cilindro de madera. \u00d820 cm<\/div><\/div><\/a><\/div><\/div><\/div>\n<p>Es una genealog\u00eda femenina a partir de los deseos ocultos de la abuela y el lenguaje del vestido de su boda.<br \/>\nUna referencia sutil al cuento de Andersen, la pila de animales y su b\u00fasqueda por un sonido nuevo.<\/p>\n<p>Kenia trabaja a partir de recuerdos de mujeres que han sido influencia en su vida.<br \/>\nLa casa de Bremen y el Vestido de Dolores cuenta una historia donde todas las piezas tienen un prop\u00f3sito, proyectando una parte de ella misma sin necesidad de definir un sentido: el sentido de las cosas.<br \/>\nCada objeto representa una parte de esta historia.<\/p>\n\n<div class=\"sp-wrap sp-wrap-default\">\n<div class=\"sp-head\" title=\"Expandir\">\nCurriculum Vitae\n<\/div>\n<div class=\"sp-body folded\">\n<p><strong>Kenia Cano<\/strong><\/p>\n<p><strong>Estudios<\/strong><br \/>\n2010 Curso en Museograf\u00eda, Centro Morelense de las Artes.<br \/>\n2000-03 Maestr\u00eda en Letras, CIDHEM (Centro de Investigaci\u00f3n y Docencia en Humanidades del Estado de Morelos).<br \/>\n1990-94 Licenciatura en Ciencias y T\u00e9cnicas en Comunicaci\u00f3n, ITESM (Instituto Tecnol\u00f3gico y de Estudios Superiores de Monterrey) Campus Morelos.<br \/>\n1997-98 Curso de Poes\u00eda Contempor\u00e1nea Francesa, Universidad de Marsella en Aix-en-Provence, Francia.<\/p>\n<p><strong>Exposiciones Colectivas<\/strong><br \/>\n2013 40. La Turbina, Tepoztl\u00e1n.<br \/>\nImagina Canad\u00e1. La Turbina Ololiuqui, Tepoztl\u00e1n.<br \/>\n2012 Tepoztl\u00e1n, Estado de Conciencia. La Turbina, Tepoztl\u00e1n.<br \/>\nPaz. La Turbina, Tepoztl\u00e1n.<br \/>\nUmbrales. La Turbina, Tepoztl\u00e1n.<br \/>\nEN LA SUITE DE LA CULEBRA, Dibujos y poemas, Galer\u00eda La Turbina Ololiuqui, Tepoztl\u00e1n.<br \/>\n2011 Nocturno. La Turbina Ololiuqui, Tepoztl\u00e1n.<br \/>\n2010 SEXO, TEXTO, BLANCO, Galer\u00eda La Turbina Ololiuqui, Tepoztl\u00e1n.<br \/>\nV\u00edrgenes Santas, V\u00edrgenes Locas. La Turbina, Tepoztl\u00e1n.<br \/>\n2009 Sal\u00f3n de Arte Visual Contempor\u00e1neo. Jard\u00edn Borda, Morelos.<br \/>\n2007 H2O, Exposici\u00f3n Colectiva Itinerante de Acuarelistas de Morelos<br \/>\nNo Se Puede Vivir Sin Amar. La Casona Spencer, Cuernavaca, Morelos.<\/p>\n<p><strong>Exposiciones Individuales<\/strong><br \/>\n2012 Las Aves de Este D\u00eda. Galer\u00eda Libertad, Quer\u00e9taro.<br \/>\n2009 Estos Son los P\u00e1jaros. Jard\u00edn Borda, Cuernavaca, Morelos.<br \/>\n2008 Cuaderno de los Gansos y Otras Oraciones. LITM Gallery, Nueva York.<br \/>\n2007 Artk\u00e9o # 1. Galerie Aix-Positions, Aix-en-Provence, Francia.<br \/>\n2004 Oraci\u00f3n de P\u00e1jaros. Zarco Galer\u00eda, Cuernavaca, Morelos.<br \/>\n1997 Danzan Los Cuerpos Su Quietud Ociosa. MJC Belgard, Aix-en-Provence, Francia.<\/p>\n<p><strong>Premios y distinciones<\/strong><br \/>\n2010 PRIMER PREMIO EN EL SAL\u00d3N DE ARTE VISUAL CONTEMPOR\u00c1NEO con la obra Siete Umbrales desde la antigua boca de Maha Devikayya.<br \/>\n2009 PRIMER PREMIO EN EL SAL\u00d3N DE ARTE VISUAL CONTEMPOR\u00c1NEO\/ Me gustan m\u00e1s los gansos que se esconden en mi sue\u00f1o, Morelos.<br \/>\n2002 PRIMER LUGAR EN EL SAL\u00d3N ESTATAL DE LA ACUARELA con el libro de poes\u00eda y pintura El Templo de las Visitaciones 2, Jard\u00edn Borda, Cuernavaca, Morelos.<\/p>\n<div class=\"spdiv\">[plegar]<\/div>\n<\/div>\n<\/div>\n\n","protected":false},"excerpt":{"rendered":"<p>&lt;&lt; Ant. | Artistas | Sig. &gt;&gt; Es una genealog\u00eda femenina a partir de los deseos ocultos de la abuela y el lenguaje del vestido de su boda. Una referencia sutil al cuento de Andersen, la pila de animales y &hellip; <a class=\"kt-excerpt-readmore\" href=\"https:\/\/nmcontemporaneo.com\/es\/catalogo\/arte-emergente\/otros-artistas-emergentes\/kenia-cano\/\" aria-label=\"Kenia Cano\">Read More<\/a><\/p>\n","protected":false},"author":6,"featured_media":0,"parent":6418,"menu_order":0,"comment_status":"open","ping_status":"closed","template":"page-fullwidth.php","meta":{"kt_blocks_editor_width":"","footnotes":""},"class_list":["post-6440","page","type-page","status-publish","hentry"],"_links":{"self":[{"href":"https:\/\/nmcontemporaneo.com\/es\/wp-json\/wp\/v2\/pages\/6440","targetHints":{"allow":["GET"]}}],"collection":[{"href":"https:\/\/nmcontemporaneo.com\/es\/wp-json\/wp\/v2\/pages"}],"about":[{"href":"https:\/\/nmcontemporaneo.com\/es\/wp-json\/wp\/v2\/types\/page"}],"author":[{"embeddable":true,"href":"https:\/\/nmcontemporaneo.com\/es\/wp-json\/wp\/v2\/users\/6"}],"replies":[{"embeddable":true,"href":"https:\/\/nmcontemporaneo.com\/es\/wp-json\/wp\/v2\/comments?post=6440"}],"version-history":[{"count":2,"href":"https:\/\/nmcontemporaneo.com\/es\/wp-json\/wp\/v2\/pages\/6440\/revisions"}],"predecessor-version":[{"id":14257,"href":"https:\/\/nmcontemporaneo.com\/es\/wp-json\/wp\/v2\/pages\/6440\/revisions\/14257"}],"up":[{"embeddable":true,"href":"https:\/\/nmcontemporaneo.com\/es\/wp-json\/wp\/v2\/pages\/6418"}],"wp:attachment":[{"href":"https:\/\/nmcontemporaneo.com\/es\/wp-json\/wp\/v2\/media?parent=6440"}],"curies":[{"name":"wp","href":"https:\/\/api.w.org\/{rel}","templated":true}]}}