{"id":9208,"date":"2022-09-06T16:34:00","date_gmt":"2022-09-06T22:34:00","guid":{"rendered":"http:\/\/nmcontemporaneo.com\/?page_id=9208"},"modified":"2025-06-21T01:42:01","modified_gmt":"2025-06-21T07:42:01","slug":"virginia-chevez","status":"publish","type":"page","link":"https:\/\/nmcontemporaneo.com\/es\/catalogo\/pintura\/virginia-chevez\/","title":{"rendered":"Virginia Ch\u00e9vez"},"content":{"rendered":"<p style=\"text-align: center;\"><a href=\"https:\/\/nmcontemporaneo.com\/catalogo\/pintura\/otros-artistas\/javier-guadarrama\/\">&lt;&lt; Ant.<\/a> | <a href=\"\/catalogo\/todos-los-artistas\/\">Artistas<\/a> | <a href=\"..\/sergio-garval\/\">Sig. &gt;&gt;<\/a><\/p>\n<div id=\"kad-wp-gallery378\" class=\"kad-wp-gallery gallery kt-gallery-column-3 init-isotope-intrinsic reinit-isotope kad-light-wp-gallery clearfix rowtight\" data-fade-in=\"1\" data-iso-selector=\".g_item\" data-iso-style=\"masonry\" data-iso-filter=\"false\"><div class=\"tcol-lg-4 tcol-md-4 tcol-sm-4 tcol-xs-6 tcol-ss-12 g_item\"><div class=\"grid_item kt_item_fade_in kad_gallery_fade_in gallery_item\"><a href=\"https:\/\/nmcontemporaneo.com\/wp-content\/uploads\/2024\/10\/unnamed-31.png\" data-rel=\"lightbox\" class=\"lightboxhover\"><div class=\"kt-intrinsic\" style=\"padding-bottom:89.890710382514%;\"><div itemprop=\"image\" itemscope itemtype=\"https:\/\/schema.org\/ImageObject\"><img loading=\"lazy\" decoding=\"async\" width=\"366\" height=\"329\" src=\"https:\/\/nmcontemporaneo.com\/wp-content\/uploads\/2024\/10\/unnamed-31-366x329.png\" srcset=\"https:\/\/nmcontemporaneo.com\/wp-content\/uploads\/2024\/10\/unnamed-31-366x329.png 366w, https:\/\/nmcontemporaneo.com\/wp-content\/uploads\/2024\/10\/unnamed-31-300x270.png 300w, https:\/\/nmcontemporaneo.com\/wp-content\/uploads\/2024\/10\/unnamed-31-768x691.png 768w, https:\/\/nmcontemporaneo.com\/wp-content\/uploads\/2024\/10\/unnamed-31-732x658.png 732w, https:\/\/nmcontemporaneo.com\/wp-content\/uploads\/2024\/10\/unnamed-31.png 924w\" sizes=\"auto, (max-width: 366px) 100vw, 366px\" data-caption=\"No dejes extinguirse la llama.\n\u00d3leo sobre lino\n350 x 320 cm. 2023\" class=\"light-dropshaddow\" itemprop=\"contentUrl\" alt=\"\"><meta itemprop=\"url\" content=\"https:\/\/nmcontemporaneo.com\/wp-content\/uploads\/2024\/10\/unnamed-31-366x329.png\"><meta itemprop=\"width\" content=\"366px\"><meta itemprop=\"height\" content=\"329px\"><\/div><\/div><div class=\"caption kad_caption\"><div class=\"kad_caption_inner\">No dejes extinguirse la llama.\n\u00d3leo sobre lino\n350 x 320 cm. 2023<\/div><\/div><\/a><\/div><\/div><div class=\"tcol-lg-4 tcol-md-4 tcol-sm-4 tcol-xs-6 tcol-ss-12 g_item\"><div class=\"grid_item kt_item_fade_in kad_gallery_fade_in gallery_item\"><a href=\"https:\/\/nmcontemporaneo.com\/wp-content\/uploads\/2021\/01\/2020-1-Chevez-copy-1.jpg\" data-rel=\"lightbox\" class=\"lightboxhover\"><div class=\"kt-intrinsic\" style=\"padding-bottom:112.84153005464%;\"><div itemprop=\"image\" itemscope itemtype=\"https:\/\/schema.org\/ImageObject\"><img loading=\"lazy\" decoding=\"async\" width=\"366\" height=\"413\" src=\"https:\/\/nmcontemporaneo.com\/wp-content\/uploads\/2021\/01\/2020-1-Chevez-copy-1-366x413.jpg\" srcset=\"https:\/\/nmcontemporaneo.com\/wp-content\/uploads\/2021\/01\/2020-1-Chevez-copy-1-366x413.jpg 366w, https:\/\/nmcontemporaneo.com\/wp-content\/uploads\/2021\/01\/2020-1-Chevez-copy-1-266x300.jpg 266w, https:\/\/nmcontemporaneo.com\/wp-content\/uploads\/2021\/01\/2020-1-Chevez-copy-1-909x1024.jpg 909w, https:\/\/nmcontemporaneo.com\/wp-content\/uploads\/2021\/01\/2020-1-Chevez-copy-1-768x866.jpg 768w, https:\/\/nmcontemporaneo.com\/wp-content\/uploads\/2021\/01\/2020-1-Chevez-copy-1-732x826.jpg 732w, https:\/\/nmcontemporaneo.com\/wp-content\/uploads\/2021\/01\/2020-1-Chevez-copy-1.jpg 960w\" sizes=\"auto, (max-width: 366px) 100vw, 366px\" data-caption=\"With lighting in your hands, \u00f3leo sobre lino, 200 x 200 cm. 2017\n\" class=\"light-dropshaddow\" itemprop=\"contentUrl\" alt=\"\"><meta itemprop=\"url\" content=\"https:\/\/nmcontemporaneo.com\/wp-content\/uploads\/2021\/01\/2020-1-Chevez-copy-1-366x413.jpg\"><meta itemprop=\"width\" content=\"366px\"><meta itemprop=\"height\" content=\"413px\"><\/div><\/div><div class=\"caption kad_caption\"><div class=\"kad_caption_inner\">With lighting in your hands, \u00f3leo sobre lino, 200 x 200 cm. 2017\n<\/div><\/div><\/a><\/div><\/div><div class=\"tcol-lg-4 tcol-md-4 tcol-sm-4 tcol-xs-6 tcol-ss-12 g_item\"><div class=\"grid_item kt_item_fade_in kad_gallery_fade_in gallery_item\"><a href=\"https:\/\/nmcontemporaneo.com\/wp-content\/uploads\/2021\/01\/Shambalaweb-e1611475313140.jpg\" data-rel=\"lightbox\" class=\"lightboxhover\"><div class=\"kt-intrinsic\" style=\"padding-bottom:73.770491803279%;\"><div itemprop=\"image\" itemscope itemtype=\"https:\/\/schema.org\/ImageObject\"><img loading=\"lazy\" decoding=\"async\" width=\"366\" height=\"270\" src=\"https:\/\/nmcontemporaneo.com\/wp-content\/uploads\/2021\/01\/Shambalaweb-e1611475313140-366x270.jpg\" srcset=\"https:\/\/nmcontemporaneo.com\/wp-content\/uploads\/2021\/01\/Shambalaweb-e1611475313140-366x270.jpg 366w, https:\/\/nmcontemporaneo.com\/wp-content\/uploads\/2021\/01\/Shambalaweb-e1611475313140-300x221.jpg 300w, https:\/\/nmcontemporaneo.com\/wp-content\/uploads\/2021\/01\/Shambalaweb-e1611475313140-732x540.jpg 732w, https:\/\/nmcontemporaneo.com\/wp-content\/uploads\/2021\/01\/Shambalaweb-e1611475313140.jpg 762w\" sizes=\"auto, (max-width: 366px) 100vw, 366px\" data-caption=\"Shambala, \u00f3leo sobre lino, 200 x 266 cm. 2018\n\" class=\"light-dropshaddow\" itemprop=\"contentUrl\" alt=\"\"><meta itemprop=\"url\" content=\"https:\/\/nmcontemporaneo.com\/wp-content\/uploads\/2021\/01\/Shambalaweb-e1611475313140-366x270.jpg\"><meta itemprop=\"width\" content=\"366px\"><meta itemprop=\"height\" content=\"270px\"><\/div><\/div><div class=\"caption kad_caption\"><div class=\"kad_caption_inner\">Shambala, \u00f3leo sobre lino, 200 x 266 cm. 2018\n<\/div><\/div><\/a><\/div><\/div><div class=\"tcol-lg-4 tcol-md-4 tcol-sm-4 tcol-xs-6 tcol-ss-12 g_item\"><div class=\"grid_item kt_item_fade_in kad_gallery_fade_in gallery_item\"><a href=\"https:\/\/nmcontemporaneo.com\/wp-content\/uploads\/2021\/01\/campo-en-doradoweb-1-e1611475465369.jpg\" data-rel=\"lightbox\" class=\"lightboxhover\"><div class=\"kt-intrinsic\" style=\"padding-bottom:100.54644808743%;\"><div itemprop=\"image\" itemscope itemtype=\"https:\/\/schema.org\/ImageObject\"><img loading=\"lazy\" decoding=\"async\" width=\"366\" height=\"368\" src=\"https:\/\/nmcontemporaneo.com\/wp-content\/uploads\/2021\/01\/campo-en-doradoweb-1-e1611475465369-366x368.jpg\" srcset=\"https:\/\/nmcontemporaneo.com\/wp-content\/uploads\/2021\/01\/campo-en-doradoweb-1-e1611475465369-366x368.jpg 366w, https:\/\/nmcontemporaneo.com\/wp-content\/uploads\/2021\/01\/campo-en-doradoweb-1-e1611475465369-298x300.jpg 298w, https:\/\/nmcontemporaneo.com\/wp-content\/uploads\/2021\/01\/campo-en-doradoweb-1-e1611475465369-150x150.jpg 150w, https:\/\/nmcontemporaneo.com\/wp-content\/uploads\/2021\/01\/campo-en-doradoweb-1-e1611475465369-100x100.jpg 100w, https:\/\/nmcontemporaneo.com\/wp-content\/uploads\/2021\/01\/campo-en-doradoweb-1-e1611475465369-732x736.jpg 732w, https:\/\/nmcontemporaneo.com\/wp-content\/uploads\/2021\/01\/campo-en-doradoweb-1-e1611475465369.jpg 762w\" sizes=\"auto, (max-width: 366px) 100vw, 366px\" data-caption=\"Campo en dorado, \u00f3leo sobre lino, 200 x 200 cm. 2018\n\" class=\"light-dropshaddow\" itemprop=\"contentUrl\" alt=\"\"><meta itemprop=\"url\" content=\"https:\/\/nmcontemporaneo.com\/wp-content\/uploads\/2021\/01\/campo-en-doradoweb-1-e1611475465369-366x368.jpg\"><meta itemprop=\"width\" content=\"366px\"><meta itemprop=\"height\" content=\"368px\"><\/div><\/div><div class=\"caption kad_caption\"><div class=\"kad_caption_inner\">Campo en dorado, \u00f3leo sobre lino, 200 x 200 cm. 2018\n<\/div><\/div><\/a><\/div><\/div><div class=\"tcol-lg-4 tcol-md-4 tcol-sm-4 tcol-xs-6 tcol-ss-12 g_item\"><div class=\"grid_item kt_item_fade_in kad_gallery_fade_in gallery_item\"><a href=\"https:\/\/nmcontemporaneo.com\/wp-content\/uploads\/2021\/01\/carpe-diem1web-1.jpg\" data-rel=\"lightbox\" class=\"lightboxhover\"><div class=\"kt-intrinsic\" style=\"padding-bottom:229.50819672131%;\"><div itemprop=\"image\" itemscope itemtype=\"https:\/\/schema.org\/ImageObject\"><img loading=\"lazy\" decoding=\"async\" width=\"366\" height=\"840\" src=\"https:\/\/nmcontemporaneo.com\/wp-content\/uploads\/2021\/01\/carpe-diem1web-1-366x840.jpg\" srcset=\"https:\/\/nmcontemporaneo.com\/wp-content\/uploads\/2021\/01\/carpe-diem1web-1-366x840.jpg 366w, https:\/\/nmcontemporaneo.com\/wp-content\/uploads\/2021\/01\/carpe-diem1web-1-131x300.jpg 131w, https:\/\/nmcontemporaneo.com\/wp-content\/uploads\/2021\/01\/carpe-diem1web-1-446x1024.jpg 446w, https:\/\/nmcontemporaneo.com\/wp-content\/uploads\/2021\/01\/carpe-diem1web-1.jpg 558w\" sizes=\"auto, (max-width: 366px) 100vw, 366px\" data-caption=\"Pied \u00e0 terre, \u00f3leo sobre lino, 300 x 150 cm. 2018\" class=\"light-dropshaddow\" itemprop=\"contentUrl\" alt=\"\"><meta itemprop=\"url\" content=\"https:\/\/nmcontemporaneo.com\/wp-content\/uploads\/2021\/01\/carpe-diem1web-1-366x840.jpg\"><meta itemprop=\"width\" content=\"366px\"><meta itemprop=\"height\" content=\"840px\"><\/div><\/div><div class=\"caption kad_caption\"><div class=\"kad_caption_inner\">Pied \u00e0 terre, \u00f3leo sobre lino, 300 x 150 cm. 2018<\/div><\/div><\/a><\/div><\/div><div class=\"tcol-lg-4 tcol-md-4 tcol-sm-4 tcol-xs-6 tcol-ss-12 g_item\"><div class=\"grid_item kt_item_fade_in kad_gallery_fade_in gallery_item\"><a href=\"https:\/\/nmcontemporaneo.com\/wp-content\/uploads\/2021\/01\/campo-de-lilas-web-1.jpg\" data-rel=\"lightbox\" class=\"lightboxhover\"><div class=\"kt-intrinsic\" style=\"padding-bottom:232.7868852459%;\"><div itemprop=\"image\" itemscope itemtype=\"https:\/\/schema.org\/ImageObject\"><img loading=\"lazy\" decoding=\"async\" width=\"366\" height=\"852\" src=\"https:\/\/nmcontemporaneo.com\/wp-content\/uploads\/2021\/01\/campo-de-lilas-web-1-366x852.jpg\" srcset=\"https:\/\/nmcontemporaneo.com\/wp-content\/uploads\/2021\/01\/campo-de-lilas-web-1-366x852.jpg 366w, https:\/\/nmcontemporaneo.com\/wp-content\/uploads\/2021\/01\/campo-de-lilas-web-1-129x300.jpg 129w, https:\/\/nmcontemporaneo.com\/wp-content\/uploads\/2021\/01\/campo-de-lilas-web-1-440x1024.jpg 440w, https:\/\/nmcontemporaneo.com\/wp-content\/uploads\/2021\/01\/campo-de-lilas-web-1.jpg 550w\" sizes=\"auto, (max-width: 366px) 100vw, 366px\" data-caption=\"Campo de lilas, \u00f3leo sobre lino, 300 x 150 cm. 2018\" class=\"light-dropshaddow\" itemprop=\"contentUrl\" alt=\"\"><meta itemprop=\"url\" content=\"https:\/\/nmcontemporaneo.com\/wp-content\/uploads\/2021\/01\/campo-de-lilas-web-1-366x852.jpg\"><meta itemprop=\"width\" content=\"366px\"><meta itemprop=\"height\" content=\"852px\"><\/div><\/div><div class=\"caption kad_caption\"><div class=\"kad_caption_inner\">Campo de lilas, \u00f3leo sobre lino, 300 x 150 cm. 2018<\/div><\/div><\/a><\/div><\/div><div class=\"tcol-lg-4 tcol-md-4 tcol-sm-4 tcol-xs-6 tcol-ss-12 g_item\"><div class=\"grid_item kt_item_fade_in kad_gallery_fade_in gallery_item\"><a href=\"https:\/\/nmcontemporaneo.com\/wp-content\/uploads\/2021\/01\/campo-2web-1.jpg\" data-rel=\"lightbox\" class=\"lightboxhover\"><div class=\"kt-intrinsic\" style=\"padding-bottom:200%;\"><div itemprop=\"image\" itemscope itemtype=\"https:\/\/schema.org\/ImageObject\"><img loading=\"lazy\" decoding=\"async\" width=\"366\" height=\"732\" src=\"https:\/\/nmcontemporaneo.com\/wp-content\/uploads\/2021\/01\/campo-2web-1-366x732.jpg\" srcset=\"https:\/\/nmcontemporaneo.com\/wp-content\/uploads\/2021\/01\/campo-2web-1-366x732.jpg 366w, https:\/\/nmcontemporaneo.com\/wp-content\/uploads\/2021\/01\/campo-2web-1-150x300.jpg 150w, https:\/\/nmcontemporaneo.com\/wp-content\/uploads\/2021\/01\/campo-2web-1.jpg 512w\" sizes=\"auto, (max-width: 366px) 100vw, 366px\" data-caption=\"Escritos sagrados, \u00f3leo sobre lino, 300 x 150 cm. 2018\" class=\"light-dropshaddow\" itemprop=\"contentUrl\" alt=\"\"><meta itemprop=\"url\" content=\"https:\/\/nmcontemporaneo.com\/wp-content\/uploads\/2021\/01\/campo-2web-1-366x732.jpg\"><meta itemprop=\"width\" content=\"366px\"><meta itemprop=\"height\" content=\"732px\"><\/div><\/div><div class=\"caption kad_caption\"><div class=\"kad_caption_inner\">Escritos sagrados, \u00f3leo sobre lino, 300 x 150 cm. 2018<\/div><\/div><\/a><\/div><\/div><div class=\"tcol-lg-4 tcol-md-4 tcol-sm-4 tcol-xs-6 tcol-ss-12 g_item\"><div class=\"grid_item kt_item_fade_in kad_gallery_fade_in gallery_item\"><a href=\"https:\/\/nmcontemporaneo.com\/wp-content\/uploads\/2021\/01\/2020-2.2-Chevez-1.jpg\" data-rel=\"lightbox\" class=\"lightboxhover\"><div class=\"kt-intrinsic\" style=\"padding-bottom:181.69398907104%;\"><div itemprop=\"image\" itemscope itemtype=\"https:\/\/schema.org\/ImageObject\"><img loading=\"lazy\" decoding=\"async\" width=\"366\" height=\"665\" src=\"https:\/\/nmcontemporaneo.com\/wp-content\/uploads\/2021\/01\/2020-2.2-Chevez-1-366x665.jpg\" srcset=\"https:\/\/nmcontemporaneo.com\/wp-content\/uploads\/2021\/01\/2020-2.2-Chevez-1-366x665.jpg 366w, https:\/\/nmcontemporaneo.com\/wp-content\/uploads\/2021\/01\/2020-2.2-Chevez-1-165x300.jpg 165w, https:\/\/nmcontemporaneo.com\/wp-content\/uploads\/2021\/01\/2020-2.2-Chevez-1-563x1024.jpg 563w, https:\/\/nmcontemporaneo.com\/wp-content\/uploads\/2021\/01\/2020-2.2-Chevez-1.jpg 638w\" sizes=\"auto, (max-width: 366px) 100vw, 366px\" data-caption=\"Sombras y luces 2, \u00f3leo sobre lino, 180 x 100 cm. 2018 \" class=\"light-dropshaddow\" itemprop=\"contentUrl\" alt=\"\"><meta itemprop=\"url\" content=\"https:\/\/nmcontemporaneo.com\/wp-content\/uploads\/2021\/01\/2020-2.2-Chevez-1-366x665.jpg\"><meta itemprop=\"width\" content=\"366px\"><meta itemprop=\"height\" content=\"665px\"><\/div><\/div><div class=\"caption kad_caption\"><div class=\"kad_caption_inner\">Sombras y luces 2, \u00f3leo sobre lino, 180 x 100 cm. 2018 <\/div><\/div><\/a><\/div><\/div><div class=\"tcol-lg-4 tcol-md-4 tcol-sm-4 tcol-xs-6 tcol-ss-12 g_item\"><div class=\"grid_item kt_item_fade_in kad_gallery_fade_in gallery_item\"><a href=\"https:\/\/nmcontemporaneo.com\/wp-content\/uploads\/2021\/01\/2020-2.1-Chevez-1.jpg\" data-rel=\"lightbox\" class=\"lightboxhover\"><div class=\"kt-intrinsic\" style=\"padding-bottom:179.78142076503%;\"><div itemprop=\"image\" itemscope itemtype=\"https:\/\/schema.org\/ImageObject\"><img loading=\"lazy\" decoding=\"async\" width=\"366\" height=\"658\" src=\"https:\/\/nmcontemporaneo.com\/wp-content\/uploads\/2021\/01\/2020-2.1-Chevez-1-366x658.jpg\" srcset=\"https:\/\/nmcontemporaneo.com\/wp-content\/uploads\/2021\/01\/2020-2.1-Chevez-1-366x658.jpg 366w, https:\/\/nmcontemporaneo.com\/wp-content\/uploads\/2021\/01\/2020-2.1-Chevez-1-167x300.jpg 167w, https:\/\/nmcontemporaneo.com\/wp-content\/uploads\/2021\/01\/2020-2.1-Chevez-1-569x1024.jpg 569w, https:\/\/nmcontemporaneo.com\/wp-content\/uploads\/2021\/01\/2020-2.1-Chevez-1.jpg 645w\" sizes=\"auto, (max-width: 366px) 100vw, 366px\" data-caption=\"Sombras y luces 1, \u00f3leo sobre lino, 180 x 100 cm. 2018 \" class=\"light-dropshaddow\" itemprop=\"contentUrl\" alt=\"\"><meta itemprop=\"url\" content=\"https:\/\/nmcontemporaneo.com\/wp-content\/uploads\/2021\/01\/2020-2.1-Chevez-1-366x658.jpg\"><meta itemprop=\"width\" content=\"366px\"><meta itemprop=\"height\" content=\"658px\"><\/div><\/div><div class=\"caption kad_caption\"><div class=\"kad_caption_inner\">Sombras y luces 1, \u00f3leo sobre lino, 180 x 100 cm. 2018 <\/div><\/div><\/a><\/div><\/div><\/div>\n<p><iframe loading=\"lazy\" src=\"https:\/\/www.youtube.com\/embed\/7HRgV-VXx_E?rel=0\" width=\"560\" height=\"315\" frameborder=\"0\" allowfullscreen=\"allowfullscreen\"><\/iframe><\/p>\n<p style=\"text-align: justify;\">Observar la obra de Virginia Ch\u00e9vez es\u00a0trascender las fronteras del \u00f3leo y del lienzo\u00a0para sumergirse en un mundo de total paz, de\u00a0absoluto silencio, donde el alma se descubre\u00a0a s\u00ed misma gozando el paisaje interior.\u00a0Colores que se entrelazan en completa\u00a0armon\u00eda con el sonido del universo, matices\u00a0que nos envuelven en un eterno abrazo para\u00a0transportarnos al hogar fundamental del\u00a0ser. Contemplaci\u00f3n en soledad que acoge y\u00a0abriga; meditaci\u00f3n hecha pintura que invita\u00a0a olvidarse de la existencia y entregarse ante\u00a0la inmensidad del universo.<\/p>\n\n<div class=\"sp-wrap sp-wrap-default\">\n<div class=\"sp-head\" title=\"Expandir\">\nCurriculum Vitae\n<\/div>\n<div class=\"sp-body folded\">\n<p><strong>Virginia Ch\u00e9vez<\/strong><\/p>\n<p>Nace en 1961 en la ciudad de M\u00e9xico.<\/p>\n<p>Estudia la Licenciatura en Dise\u00f1o de la Comunicaci\u00f3n Gr\u00e1fica en la UAM, campus Xochimilco, (1987-91). Posteriormente entra por unos meses como oyente al Taller de Producci\u00f3n de Ignacio Salazar en la Escuela Nacional de Artes Pl\u00e1sticas de la UNAM y tambi\u00e9n cursa talleres de dibujo en la misma instituci\u00f3n (1991-92).<\/p>\n<p><em>Momento Dual<\/em>, en el Centro de Cultura Reyes Heroles en Coyoac\u00e1n (1991, M\u00e9xico, DF), es la primera de las 17 exposiciones individuales que hasta ahora ha realizado en su carrera. En 2011 present\u00f3 su libro <em>Pintura. 22 Colecciones. Virginia Ch<\/em><em>\u00e9<\/em><em>vez<\/em>, con un recorrido fotogr\u00e1fico de sus obras documentas en veintid\u00f3s colecciones privadas. Su m\u00e1s reciente trabajo se present\u00f3 en Casa Lamm, con la exhibici\u00f3n <em>Piedra-Verso<\/em> del 11 de marzo al 21 de abril de 2015 para la cual se public\u00f3 un libro que muestra el proceso creativo y m\u00e1s \u00edntimo de la artista y que incluye poemas escritos por la Dra. Ana Mar\u00eda Sald\u00edvar para acompa\u00f1ar cada una de las obras.<\/p>\n<p>Cuenta con m\u00e1s de treinta exposiciones colectivas en M\u00e9xico y otros pa\u00edses como Suiza, Estados Unidos y Canad\u00e1.<\/p>\n<p>Se le otorg\u00f3 la \u201cBeca J\u00f3venes Creadores\u201d en su edici\u00f3n 1995-96, as\u00ed como una Menci\u00f3n Honor\u00edfica en la \u201cII Bienal de Nutrici\u00f3n\u201d en 1997.<\/p>\n<p>Actualmente vive y trabaja en M\u00e9xico DF, M\u00e9xico.<\/p>\n<p><strong>Estudios<\/strong><\/p>\n<p><strong>1987-91\u00a0\u00a0\u00a0\u00a0\u00a0\u00a0\u00a0\u00a0\u00a0\u00a0\u00a0\u00a0\u00a0\u00a0\u00a0 <\/strong>Licenciatura en Dise\u00f1o de la Comunicaci\u00f3n Gr\u00e1fica UAM.Xoch.,\u00a0M\u00e9xico D.F., M\u00e9xico<\/p>\n<p><strong>1992\u00a0\u00a0\u00a0\u00a0\u00a0\u00a0\u00a0\u00a0\u00a0\u00a0\u00a0\u00a0\u00a0\u00a0\u00a0\u00a0\u00a0\u00a0\u00a0\u00a0\u00a0\u00a0 <\/strong>Escuela Nacional de Artes Pl\u00e1sticas. UNAM. Talleres de dibujo,\u00a0M\u00e9xico D.F., M\u00e9xico<\/p>\n<p><strong>Exposiciones individuales<\/strong><\/p>\n<p><strong>2018<\/strong>\u00a0 \u00a0 \u00a0 Azul Tierra. Museo de Arte Abstracto Manuel Felgu\u00e9rez. Zacatecas, M\u00e9xico.<\/p>\n<p><strong>2016<\/strong>\u00a0 \u00a0 \u00a0 Lo Profundo es el Aire. Casa Lamm. M\u00e9xico D.F., M\u00e9xico<\/p>\n<p><strong>2015 \u00a0\u00a0\u00a0\u00a0 <\/strong><em>Piedra-Verso<\/em>. Casa Lamm. M\u00e9xico D.F., M\u00e9xico<\/p>\n<p><strong>2013 \u00a0\u00a0\u00a0\u00a0 <\/strong><em>Cantes de Siembra<\/em>. Casa Lamm. M\u00e9xico D.F., M\u00e9xico<\/p>\n<p><strong>2012 \u00a0\u00a0\u00a0\u00a0 <\/strong><em>Cantes de Siembra<\/em>. Centro Burs\u00e1til, Grupo BMV. M\u00e9xico D.F., M\u00e9xico<\/p>\n<p><strong>2011 \u00a0\u00a0\u00a0\u00a0 <\/strong><em>Semillas<\/em>. Casa Lamm. M\u00e9xico D.F., M\u00e9xico<\/p>\n<p><strong>2009 \u00a0\u00a0\u00a0\u00a0 <\/strong><em>Inscripci<\/em><em>\u00f3<\/em><em>n de lo Sagrado<\/em>. Casa Lamm. M\u00e9xico D.F., M\u00e9xico<\/p>\n<p><strong>2007 \u00a0\u00a0\u00a0\u00a0 <\/strong><em>Lotus Mantra<\/em>. Casa Lamm. M\u00e9xico D.F., M\u00e9xico<\/p>\n<p><strong>2005 \u00a0\u00a0\u00a0\u00a0 <\/strong><em>Tres veces tres<\/em>. Casa Lamm. M\u00e9xico D.F., M\u00e9xico<\/p>\n<p><strong>2004 \u00a0\u00a0\u00a0\u00a0 <\/strong><em>Virginia Ch<\/em><em>\u00e9<\/em><em>vez<\/em>. Casa Mayor. M\u00e9xico D.F., M\u00e9xico<\/p>\n<p><strong>2003 \u00a0\u00a0\u00a0\u00a0 <\/strong><em>Khien-Cielo<\/em>. Galerie Espacio. Morges, Suiza<\/p>\n<p><strong>\u00a0\u00a0\u00a0\u00a0\u00a0\u00a0\u00a0\u00a0\u00a0\u00a0\u00a0\u00a0\u00a0\u00a0\u00a0\u00a0\u00a0 <\/strong><em>Instante presente<\/em>. Alternativa Once. Monterrey N. L., M\u00e9xico<\/p>\n<p><strong>2001 \u00a0\u00a0\u00a0\u00a0 <\/strong><em>Virginia Ch<\/em><em>\u00e9<\/em><em>vez<\/em>. Galer\u00eda VMRelaciones. Proyecto revista\u00a0Origina. M\u00e9xico D.F., M\u00e9xico<\/p>\n<p><strong>2000 \u00a0\u00a0\u00a0\u00a0 <\/strong><em>Pintura, gran formato y peque<\/em><em>\u00f1<\/em><em>o<\/em>. PROFECO. M\u00e9xico D.F.,\u00a0M\u00e9xico<\/p>\n<p><strong>1996 \u00a0\u00a0\u00a0\u00a0 <\/strong><em>Latent Energy<\/em>. Perimeter Gallery. FONCA. Houston TX, E.U.A<\/p>\n<p><strong>1995 \u00a0\u00a0\u00a0\u00a0 <\/strong><em>Dorada Sangre<\/em>. The University of Texas. Houston TX, E.U.A.<\/p>\n<p><strong>\u00a0\u00a0\u00a0\u00a0\u00a0\u00a0\u00a0\u00a0\u00a0\u00a0\u00a0\u00a0\u00a0\u00a0\u00a0\u00a0\u00a0 <\/strong><em>Dorada Sangre<\/em>. Centro Cultural San \u00c1ngel. M\u00e9xico D.F., M\u00e9xico<\/p>\n<p><strong>1992 <\/strong><em>\u00a0<\/em><em>\u00a0\u00a0\u00a0 Dualidad Suspendida<\/em>. Centro Cultural Tijuana. CNA. INBA.\u00a0Tijuana B. C., M\u00e9xico<\/p>\n<p><strong>1991 \u00a0\u00a0\u00a0\u00a0 <\/strong><em>Momento Dual<\/em>. Centro Cultural Jes\u00fas R. Heroles. M\u00e9xico D.F.,\u00a0M\u00e9xico<\/p>\n<p><strong>Exposiciones colectivas<\/strong><\/p>\n<p><strong>2013<\/strong>\u00a0 <em>Artistas de Casa Lamm en sus talleres. XX Aniversario<\/em>. Casa Lamm, M\u00e9xico D.F., M\u00e9xico<\/p>\n<p><strong>2012<\/strong> <em>Affordable Art Fair.<\/em> NM Contempor\u00e1neo, Galer\u00eda de\u00a0Arte. M\u00e9xico D.F., M\u00e9xico<\/p>\n<p><strong>\u00a0\u00a0\u00a0\u00a0\u00a0\u00a0\u00a0\u00a0\u00a0\u00a0\u00a0\u00a0\u00a0 <\/strong><em>La Serie de lo Org<\/em><em>\u00e1<\/em><em>nico.<\/em> NM Contempor\u00e1neo, Galer\u00eda de\u00a0Arte. M\u00e9xico D.F., M\u00e9xico<\/p>\n<p><strong>2011<\/strong> <em>Segmentos de l<\/em><em>\u00ed<\/em><em>nea.<\/em> Galerie Art Contemporain Mexicain. Morges,\u00a0Suiza<\/p>\n<p><strong>2010<\/strong> <em>Zona MACO Monterrey 2010.<\/em> NM Contempor\u00e1neo, Galer\u00eda de\u00a0Arte. Monterrey N.L., M\u00e9xico<\/p>\n<p><strong>2010<\/strong> <em>La Ventana Interior<\/em>. NM Contempor\u00e1neo, Galer\u00eda de Arte.\u00a0Monterrey N.L., M\u00e9xico<\/p>\n<p><strong>2008<\/strong> Galerie Espacio. Morges, Suiza<\/p>\n<p><strong>2007<\/strong> <em>Una generaci<\/em><em>\u00f3<\/em><em>n. Dos escuelas. Diez artistas.<\/em> Poliforum Cultural\u00a0Siqueiros. M\u00e9xico D.F., M\u00e9xico<\/p>\n<p><strong>2005<\/strong> <em>Subasta Hogar de la Misericordia<\/em>. Monterrey N.L., M\u00e9xico<\/p>\n<p><strong>2004<\/strong> <em>Diez a<\/em><em>\u00f1<\/em><em>os, diez artistas<\/em>. Galerie Espacio. Morges, Suiza\u00a0Subasta Colegio Edron. M\u00e9xico D.F., M\u00e9xico<\/p>\n<p><strong>2003<\/strong> <em>Grandes peque<\/em><em>\u00f1<\/em><em>os<\/em>. Galerie Espacio. Morges, Suiza<\/p>\n<p><strong>2002<\/strong><em> 11<\/em><em>\u00ba <\/em><em>Bienal de Pintura Rufino Tamayo<\/em>. Museo Tamayo Arte\u00a0Contempor\u00e1neo. M\u00e9xico D.F., M\u00e9xico<\/p>\n<p><strong>\u00a0\u00a0\u00a0\u00a0\u00a0\u00a0\u00a0\u00a0\u00a0\u00a0\u00a0\u00a0\u00a0 <\/strong><em>Tres exposiciones<\/em>. Galerie Art Contemporain Mexicain. Morges,\u00a0Suiza<\/p>\n<p><strong>\u00a0\u00a0\u00a0\u00a0\u00a0\u00a0\u00a0\u00a0\u00a0\u00a0\u00a0\u00a0\u00a0 <\/strong><em>Colectiva de pintura<\/em>. Galeria Mayra Nakatani. M\u00e9xico D.F.,\u00a0M\u00e9xico<\/p>\n<p><strong>2001<\/strong> Galerie Art Contemporain Mexicain. Morges, Suiza.<\/p>\n<p><strong>2000<\/strong> <em>Mujeres+Mujeres.<\/em>\u00a0Galeria Arte Concepto. M\u00e9xico D.F., M\u00e9xico<\/p>\n<p><strong>1999<\/strong> <em>Subasta Fundaci<\/em><em>\u00f3<\/em><em>n Tlalpan<\/em>. M\u00e9xico D.F., M\u00e9xico<\/p>\n<p><strong>1998<\/strong> <em>Umbral de un siglo<\/em>. Gallery of Windsor. Ontario, Canad\u00e1<\/p>\n<p><strong>\u00a0\u00a0\u00a0\u00a0\u00a0\u00a0\u00a0\u00a0\u00a0\u00a0\u00a0\u00a0\u00a0 <\/strong><em>Pintura<\/em>. UNODOSIETE. M\u00e9xico D.F., M\u00e9xico<\/p>\n<p><strong>\u00a0\u00a0\u00a0\u00a0\u00a0\u00a0\u00a0\u00a0\u00a0\u00a0\u00a0\u00a0\u00a0 <\/strong><em>II Bienal de Nutrici<\/em><em>\u00f3<\/em><em>n<\/em>. Instituto Nacional de Nutrici\u00f3n Salvador\u00a0Zubir\u00e1n. M\u00e9xico D.F., M\u00e9xico<\/p>\n<p><strong>\u00a0\u00a0\u00a0\u00a0\u00a0\u00a0\u00a0\u00a0\u00a0\u00a0\u00a0\u00a0\u00a0 <\/strong><em>Subasta por Amor a Chiapas<\/em>. Museo Tamayo Arte\u00a0Contempor\u00e1neo. M\u00e9xico D.F., M\u00e9xico<\/p>\n<p><strong>\u00a0\u00a0\u00a0\u00a0\u00a0\u00a0\u00a0\u00a0\u00a0\u00a0\u00a0\u00a0\u00a0 <\/strong><em>Vision of Six Mexican Artists at the End of the Millennium<\/em>. Opus\u00a0one Gallery. Atlanta GA, E.U.A.<\/p>\n<p><strong>\u00a0\u00a0\u00a0\u00a0\u00a0\u00a0\u00a0\u00a0\u00a0\u00a0\u00a0\u00a0\u00a0 <\/strong><em>Visions<\/em>. Perimeter Gallery. Houston TX, E.U.A.<\/p>\n<p><strong>1997<\/strong> <em>El espejo donde se mira lo grande peque<\/em><em>\u00f1<\/em><em>o<\/em>. UNODOSIETE.\u00a0M\u00e9xico D.F., M\u00e9xico<\/p>\n<p><strong>\u00a0\u00a0\u00a0\u00a0\u00a0\u00a0\u00a0\u00a0\u00a0\u00a0\u00a0\u00a0\u00a0 <\/strong><em>Gesto y l<\/em><em>\u00ed<\/em><em>nea.<\/em> Pintura abstracta. UNODOSIETE. M\u00e9xico D.F.,\u00a0M\u00e9xico<\/p>\n<p><strong>\u00a0\u00a0\u00a0\u00a0\u00a0\u00a0\u00a0\u00a0\u00a0\u00a0\u00a0\u00a0\u00a0 <\/strong><em>Creaci<\/em><em>\u00f3<\/em><em>n en movimiento.<\/em> Becarios del FONCA. J\u00f3venes\u00a0Creadores. M\u00e9xico D.F., M\u00e9xico<\/p>\n<p><strong>1996<\/strong> <em>I Bienal de Nutrici<\/em><em>\u00f3<\/em><em>n<\/em>. Instituto Nacional de Nutrici\u00f3n Salvador\u00a0Zubir\u00e1n. M\u00e9xico D.F., M\u00e9xico<\/p>\n<p><strong>1995<\/strong> <em>XV Arte Joven<\/em>. M\u00e9xico D.F., M\u00e9xico<\/p>\n<p><strong>1994<\/strong> <em>VII Bienal Rufino Tamayo<\/em>. Museo Tamayo Arte Contempor\u00e1neo.\u00a0M\u00e9xico D.F., M\u00e9xico<\/p>\n<p><strong>1992<\/strong> <em>XII Arte joven<\/em>. M\u00e9xico D.F., M\u00e9xico<\/p>\n<p><strong>Distinciones y premios<\/strong><\/p>\n<p><strong>2005<\/strong> ARCOdata. Diccionario de Artistas Mexicanos del siglo XX,\u00a0Madrid, Espa\u00f1a<\/p>\n<p><strong>1997<\/strong> Menci\u00f3n Honor\u00edfica. II Bienal de Nutrici\u00f3n. M\u00e9xico<\/p>\n<p><strong>1996<\/strong> Becaria J\u00f3venes Creadores. FONCA. CNCA. M\u00e9xico<\/p>\n<p><strong>1995<\/strong> Apoyo por parte del CONACULTA, a trav\u00e9s de Exposiciones\u00a0Internacionales para el env\u00edo de la obra de la exposici\u00f3n\u00a0Golden Blood a Houston TX, E.U.A. para su exhibici\u00f3n en The\u00a0University of Texas Health Science<\/p>\n<p><strong>1993<\/strong> Apoyo del CONACULTA, INBA y el CECUT para la exposici\u00f3n\u00a0Dualidad Suspendida, Tijuana BC, M\u00e9xico<\/p>\n<p><strong>Obra en instituciones y proyectos<\/strong><\/p>\n<p>American British Cowdray Medical Center. Santa Fe. M\u00e9xico, D.F.<\/p>\n<p>Notar\u00eda P\u00fablica No. 7. Mexicali, Baja California<\/p>\n<p>Lomas Memorial. Santa Fe. M\u00e9xico, D.F.<\/p>\n<p>Centro M\u00e9dico Dalinde. Col. Roma. M\u00e9xico D.F.<\/p>\n<p>Hospital San \u00c1ngel Inn, Sur. Col. Tizap\u00e1n San \u00c1ngel. M\u00e9xico D.F.<\/p>\n<p>Hospital San \u00c1ngel Inn, Chapultepec. Col. Ju\u00e1rez. M\u00e9xico D.F.<\/p>\n<p>Club de Golf Interlomas. Interlomas. M\u00e9xico D.F.<\/p>\n<div class=\"spdiv\">[plegar]<\/div>\n<\/div>\n<\/div>\n\n","protected":false},"excerpt":{"rendered":"<p>&lt;&lt; Ant. | Artistas | Sig. &gt;&gt; Observar la obra de Virginia Ch\u00e9vez es\u00a0trascender las fronteras del \u00f3leo y del lienzo\u00a0para sumergirse en un mundo de total paz, de\u00a0absoluto silencio, donde el alma se descubre\u00a0a s\u00ed misma gozando el paisaje &hellip; <a class=\"kt-excerpt-readmore\" href=\"https:\/\/nmcontemporaneo.com\/es\/catalogo\/pintura\/virginia-chevez\/\" aria-label=\"Virginia Ch\u00e9vez\">Read More<\/a><\/p>\n","protected":false},"author":25,"featured_media":0,"parent":590,"menu_order":0,"comment_status":"closed","ping_status":"closed","template":"page-fullwidth.php","meta":{"kt_blocks_editor_width":"","footnotes":""},"class_list":["post-9208","page","type-page","status-publish","hentry"],"_links":{"self":[{"href":"https:\/\/nmcontemporaneo.com\/es\/wp-json\/wp\/v2\/pages\/9208","targetHints":{"allow":["GET"]}}],"collection":[{"href":"https:\/\/nmcontemporaneo.com\/es\/wp-json\/wp\/v2\/pages"}],"about":[{"href":"https:\/\/nmcontemporaneo.com\/es\/wp-json\/wp\/v2\/types\/page"}],"author":[{"embeddable":true,"href":"https:\/\/nmcontemporaneo.com\/es\/wp-json\/wp\/v2\/users\/25"}],"replies":[{"embeddable":true,"href":"https:\/\/nmcontemporaneo.com\/es\/wp-json\/wp\/v2\/comments?post=9208"}],"version-history":[{"count":4,"href":"https:\/\/nmcontemporaneo.com\/es\/wp-json\/wp\/v2\/pages\/9208\/revisions"}],"predecessor-version":[{"id":14270,"href":"https:\/\/nmcontemporaneo.com\/es\/wp-json\/wp\/v2\/pages\/9208\/revisions\/14270"}],"up":[{"embeddable":true,"href":"https:\/\/nmcontemporaneo.com\/es\/wp-json\/wp\/v2\/pages\/590"}],"wp:attachment":[{"href":"https:\/\/nmcontemporaneo.com\/es\/wp-json\/wp\/v2\/media?parent=9208"}],"curies":[{"name":"wp","href":"https:\/\/api.w.org\/{rel}","templated":true}]}}